{"id":6838,"date":"2022-08-05T08:32:57","date_gmt":"2022-08-05T06:32:57","guid":{"rendered":"https:\/\/www.willi-graf-schulen.de\/gymnasium\/?page_id=6838"},"modified":"2026-03-02T11:07:54","modified_gmt":"2026-03-02T10:07:54","slug":"service","status":"publish","type":"page","link":"https:\/\/www.willi-graf-schulen.de\/gymnasium\/service\/","title":{"rendered":"Service"},"content":{"rendered":"\t\t<div data-elementor-type=\"wp-page\" data-elementor-id=\"6838\" class=\"elementor elementor-6838\" data-elementor-post-type=\"page\">\n\t\t\t\t\t\t<section class=\"elementor-section elementor-top-section elementor-element elementor-element-6f3a488 elementor-section-boxed elementor-section-height-default elementor-section-height-default\" data-id=\"6f3a488\" data-element_type=\"section\" data-e-type=\"section\" data-settings=\"{&quot;jet_parallax_layout_list&quot;:[]}\">\n\t\t\t\t\t\t<div class=\"elementor-container elementor-column-gap-default\">\n\t\t\t\t\t<div class=\"elementor-column elementor-col-100 elementor-top-column elementor-element elementor-element-1914756\" data-id=\"1914756\" data-element_type=\"column\" data-e-type=\"column\">\n\t\t\t<div class=\"elementor-widget-wrap elementor-element-populated\">\n\t\t\t\t\t\t<section class=\"elementor-section elementor-inner-section elementor-element elementor-element-de77f6c elementor-section-boxed elementor-section-height-default elementor-section-height-default\" data-id=\"de77f6c\" data-element_type=\"section\" data-e-type=\"section\" data-settings=\"{&quot;jet_parallax_layout_list&quot;:[]}\">\n\t\t\t\t\t\t<div class=\"elementor-container elementor-column-gap-default\">\n\t\t\t\t\t<div class=\"elementor-column elementor-col-100 elementor-inner-column elementor-element elementor-element-69604b4\" data-id=\"69604b4\" data-element_type=\"column\" data-e-type=\"column\">\n\t\t\t<div class=\"elementor-widget-wrap elementor-element-populated\">\n\t\t\t\t\t\t<div class=\"elementor-element elementor-element-493e1bd elementor-widget elementor-widget-text-editor\" data-id=\"493e1bd\" data-element_type=\"widget\" data-e-type=\"widget\" data-widget_type=\"text-editor.default\">\n\t\t\t\t<div class=\"elementor-widget-container\">\n\t\t\t\t\t\t\t\t\t<h3 style=\"text-align: center\">Termine<\/h3><p style=\"text-align: center\"><a href=\"https:\/\/www.willi-graf-schulen.de\/gymnasium\/wp-content\/uploads\/sites\/5\/2026\/03\/Terminplaner-Willi-Graf-Schulen-2025-2026-v6.pdf\">Hier<\/a> stehen die <a href=\"https:\/\/www.willi-graf-schulen.de\/gymnasium\/wp-content\/uploads\/sites\/5\/2026\/03\/Terminplaner-Willi-Graf-Schulen-2025-2026-v6.pdf\">Termine<\/a> bis zum Schuljahresende<\/p><p style=\"text-align: center\">(Stand vom 01.03.2026)<\/p>\t\t\t\t\t\t\t\t<\/div>\n\t\t\t\t<\/div>\n\t\t\t\t<div class=\"elementor-element elementor-element-67c2c01 elementor-widget elementor-widget-text-editor\" data-id=\"67c2c01\" data-element_type=\"widget\" data-e-type=\"widget\" data-widget_type=\"text-editor.default\">\n\t\t\t\t<div class=\"elementor-widget-container\">\n\t\t\t\t\t\t\t\t\t<h3 style=\"text-align: center\">Stundentafel<\/h3><p style=\"text-align: center\">Die Stundentafeln des Willi-Graf-Gymnasiums f\u00fcr G9 (Stand vom 02.01.2025)<\/p><p style=\"text-align: center\"><a href=\"https:\/\/www.willi-graf-schulen.de\/gymnasium\/wp-content\/uploads\/sites\/5\/2025\/01\/Stundentafel-WGG-Sprachenzweig-G9-v2.pdf\">Sprachenzweig<\/a><\/p><p style=\"text-align: center\"><a href=\"https:\/\/www.willi-graf-schulen.de\/gymnasium\/wp-content\/uploads\/sites\/5\/2025\/01\/Stundentafel-WGG-NW-Zweig-G9-v2.pdf\">NW-Zweig<\/a><\/p>\t\t\t\t\t\t\t\t<\/div>\n\t\t\t\t<\/div>\n\t\t\t\t<div class=\"elementor-element elementor-element-4a56ca7 elementor-widget elementor-widget-text-editor\" data-id=\"4a56ca7\" data-element_type=\"widget\" data-e-type=\"widget\" data-widget_type=\"text-editor.default\">\n\t\t\t\t<div class=\"elementor-widget-container\">\n\t\t\t\t\t\t\t\t\t<h3 style=\"text-align: center\">Downloads aktuell<\/h3><p style=\"text-align: center\"><a href=\"https:\/\/www.willi-graf-schulen.de\/gymnasium\/wp-content\/uploads\/sites\/5\/2025\/09\/Einverstaendniserklaerung-Foerderunterricht-Werkstaetten-Klassenstufe-5.pdf\">Einverst\u00e4ndniserkl\u00e4rung F\u00f6rderunterricht Werkst\u00e4tten Klassenstufe 5<\/a><\/p><p style=\"text-align: center\"><a href=\"https:\/\/www.willi-graf-schulen.de\/gymnasium\/wp-content\/uploads\/sites\/5\/2025\/09\/Einverstaendniserklaerung-Foerderunterricht-Werkstaetten-Klassenstufe-6-12.pdf\">Einverst\u00e4ndniserkl\u00e4rung F\u00f6rderunterricht Werkst\u00e4tten Klassenstufe 6 &#8211; 12<\/a><\/p><p style=\"text-align: center\"><a href=\"https:\/\/www.willi-graf-schulen.de\/gymnasium\/wp-content\/uploads\/sites\/5\/2026\/01\/2026.01.06.-Antrag-auf-Aufnahme-WGG.pdf\">Anmeldeformular Gymnasium<\/a><\/p><p>\u00a0<\/p>\t\t\t\t\t\t\t\t<\/div>\n\t\t\t\t<\/div>\n\t\t\t\t\t<\/div>\n\t\t<\/div>\n\t\t\t\t\t<\/div>\n\t\t<\/section>\n\t\t\t\t<div class=\"elementor-element elementor-element-54a84b6 elementor-widget elementor-widget-image\" data-id=\"54a84b6\" data-element_type=\"widget\" data-e-type=\"widget\" data-widget_type=\"image.default\">\n\t\t\t\t<div class=\"elementor-widget-container\">\n\t\t\t\t\t\t\t\t\t\t\t\t\t\t\t\t<a href=\"https:\/\/online-schule.saarland\">\n\t\t\t\t\t\t\t<img decoding=\"async\" width=\"300\" height=\"117\" src=\"https:\/\/www.willi-graf-schulen.de\/gymnasium\/wp-content\/uploads\/sites\/5\/2023\/01\/OSS-300x117.png\" class=\"attachment-medium size-medium wp-image-12329\" alt=\"\" srcset=\"https:\/\/www.willi-graf-schulen.de\/gymnasium\/wp-content\/uploads\/sites\/5\/2023\/01\/OSS-300x117.png 300w, https:\/\/www.willi-graf-schulen.de\/gymnasium\/wp-content\/uploads\/sites\/5\/2023\/01\/OSS.png 360w\" sizes=\"(max-width: 300px) 100vw, 300px\" \/>\t\t\t\t\t\t\t\t<\/a>\n\t\t\t\t\t\t\t\t\t\t\t\t\t\t\t<\/div>\n\t\t\t\t<\/div>\n\t\t\t\t\t<\/div>\n\t\t<\/div>\n\t\t\t\t\t<\/div>\n\t\t<\/section>\n\t\t\t\t<\/div>\n\t\t","protected":false},"excerpt":{"rendered":"<p>Termine Hier stehen die Termine bis zum Schuljahresende (Stand vom 01.03.2026) Stundentafel Die Stundentafeln des Willi-Graf-Gymnasiums f\u00fcr G9 (Stand vom 02.01.2025) Sprachenzweig NW-Zweig Downloads aktuell Einverst\u00e4ndniserkl\u00e4rung F\u00f6rderunterricht Werkst\u00e4tten Klassenstufe 5 Einverst\u00e4ndniserkl\u00e4rung F\u00f6rderunterricht Werkst\u00e4tten Klassenstufe 6 &#8211; 12 Anmeldeformular Gymnasium \u00a0<\/p>\n","protected":false},"author":1,"featured_media":0,"parent":0,"menu_order":0,"comment_status":"closed","ping_status":"closed","template":"","meta":{"footnotes":""},"class_list":["post-6838","page","type-page","status-publish","hentry"],"_links":{"self":[{"href":"https:\/\/www.willi-graf-schulen.de\/gymnasium\/wp-json\/wp\/v2\/pages\/6838","targetHints":{"allow":["GET"]}}],"collection":[{"href":"https:\/\/www.willi-graf-schulen.de\/gymnasium\/wp-json\/wp\/v2\/pages"}],"about":[{"href":"https:\/\/www.willi-graf-schulen.de\/gymnasium\/wp-json\/wp\/v2\/types\/page"}],"author":[{"embeddable":true,"href":"https:\/\/www.willi-graf-schulen.de\/gymnasium\/wp-json\/wp\/v2\/users\/1"}],"replies":[{"embeddable":true,"href":"https:\/\/www.willi-graf-schulen.de\/gymnasium\/wp-json\/wp\/v2\/comments?post=6838"}],"version-history":[{"count":254,"href":"https:\/\/www.willi-graf-schulen.de\/gymnasium\/wp-json\/wp\/v2\/pages\/6838\/revisions"}],"predecessor-version":[{"id":19675,"href":"https:\/\/www.willi-graf-schulen.de\/gymnasium\/wp-json\/wp\/v2\/pages\/6838\/revisions\/19675"}],"wp:attachment":[{"href":"https:\/\/www.willi-graf-schulen.de\/gymnasium\/wp-json\/wp\/v2\/media?parent=6838"}],"curies":[{"name":"wp","href":"https:\/\/api.w.org\/{rel}","templated":true}]}}